{"id":720,"date":"2017-03-01T16:16:45","date_gmt":"2017-03-01T15:16:45","guid":{"rendered":"http:\/\/la-calisse.fr\/?page_id=720"},"modified":"2022-11-30T10:37:06","modified_gmt":"2022-11-30T09:37:06","slug":"our-wines","status":"publish","type":"page","link":"https:\/\/www.chateau-la-calisse.fr\/en\/our-wines\/","title":{"rendered":"Our Wines"},"content":{"rendered":"<div id=\"cs-content\" class=\"cs-content\"><div id=\"x-section-1\"  class=\"x-section\"  style=\"margin: 0px;padding: 15px 0px 5px; background-color: transparent;\"   ><div  class=\"x-container max width\"  style=\"margin: 0px auto;padding: 0px;\"   ><div  class=\"x-column x-sm x-1-1\" style=\"padding: 0px;\" ><div  class=\"x-text\"    ><div id=\"toc_container\" class=\"no_bullets\"><p class=\"toc_title\">Table des mati&egrave;res<\/p><ul class=\"toc_list\"><li><a href=\"#Discover_our_wines\">Discover our wines<\/a><ul><li><a href=\"#Blanc_Muscat_2019\">Blanc Muscat 2019 :<\/a><\/li><li><a href=\"#Blanc_2019_Patricia_Ortelli\">Blanc 2019 Patricia Ortelli :<\/a><\/li><li><a href=\"#Rose_2019_Patricia_Ortelli\">Ros\u00e9 2019 Patricia Ortelli :<\/a><\/li><li><a href=\"#Rouge_2017_Patricia_Ortelli\">Rouge 2017 Patricia Ortelli :<\/a><\/li><li><a href=\"#Rose_2018_Patricia_Ortelli\">Ros\u00e9 2018 Patricia Ortelli :<\/a><\/li><li><a href=\"#Blanc_2018_Patricia_Ortelli\">Blanc 2018 Patricia Ortelli :<\/a><\/li><li><a href=\"#Rouge_2016_Patricia_Ortelli\">Rouge 2016 Patricia Ortelli:<\/a><\/li><li><a href=\"#Rouge_2016_Etoiles\">Rouge 2016 \u00c9toiles:<\/a><\/li><li><a href=\"#Rose_2017_Chateau_La_Calisse\">Ros\u00e9 2017 Ch\u00e2teau La Calisse:<\/a><\/li><li><a href=\"#Blanc_2017_Chateau_La_Calisse\">Blanc 2017 Ch\u00e2teau La Calisse:<\/a><\/li><li><a href=\"#Blanc_2017_Patricia_Ortelli\">Blanc 2017 Patricia Ortelli:<\/a><\/li><li><a href=\"#Rose_2017_Patricia_Ortelli\">Ros\u00e9 2017 Patricia Ortelli :<\/a><\/li><li><a href=\"#Blanc_2016_Chateau_la_Calissenbsp\">Blanc 2016 Ch\u00e2teau la Calisse&nbsp;:<\/a><\/li><li><a href=\"#Blanc_2016_Patricia_Ortellinbsp\">Blanc 2016 Patricia Ortelli&nbsp;:<\/a><\/li><li><a href=\"#Rose_2016_Patricia_Ortellinbsp\">Ros\u00e9 2016 Patricia Ortelli&nbsp;:<\/a><\/li><li><a href=\"#Rouge_2015_Patricia_Ortellinbsp\">Rouge 2015 Patricia Ortelli&nbsp;:<\/a><\/li><li><a href=\"#Blanc_2015_Chateau_la_Calissenbsp\">Blanc 2015 Ch\u00e2teau la Calisse&nbsp;:<\/a><\/li><li><a href=\"#Blanc_2015_Etoiles\">Blanc 2015 \u00c9toiles:<\/a><\/li><li><a href=\"#Rose_2015_Chateau_la_Calissenbsp\">Ros\u00e9 2015 Ch\u00e2teau la Calisse&nbsp;:<\/a><\/li><li><a href=\"#Rose_2015_Patricia_Ortellinbsp\">Ros\u00e9 2015 Patricia Ortelli&nbsp;:<\/a><\/li><li><a href=\"#Blanc_2014_Chateau_la_Calissenbsp\">Blanc 2014 Ch\u00e2teau la Calisse&nbsp;:<\/a><\/li><li><a href=\"#Blanc_2014_Patricia_Ortellinbsp\">Blanc 2014 Patricia Ortelli&nbsp;:<\/a><\/li><li><a href=\"#Blanc_2014_Etoilesnbsp\">Blanc 2014 \u00c9toiles&nbsp;:<\/a><\/li><li><a href=\"#Rose_2014_Patricia_Ortellinbsp\">Ros\u00e9 2014 Patricia Ortelli&nbsp;:<\/a><\/li><li><a href=\"#Rouge_2014_Chateau_la_Calissenbsp\">Rouge 2014 Ch\u00e2teau la Calisse&nbsp;:<\/a><\/li><li><a href=\"#Rouge_2014_Patricia_Ortellinbsp\">Rouge 2014 Patricia Ortelli&nbsp;:<\/a><\/li><li><a href=\"#Rouge_2013_Chateau_la_Calissenbsp\">Rouge 2013 Ch\u00e2teau la Calisse&nbsp;:<\/a><\/li><li><a href=\"#Blanc_2013_Chateau_la_Calissenbsp\">Blanc 2013 Ch\u00e2teau la Calisse&nbsp;:<\/a><\/li><li><a href=\"#Blanc_2013_Patricia_Ortellinbsp\">Blanc 2013 Patricia Ortelli&nbsp;:<\/a><\/li><li><a href=\"#Rose_2013_Chateau_la_Calissenbsp\">Ros\u00e9 2013 Ch\u00e2teau la Calisse&nbsp;:<\/a><\/li><li><a href=\"#Rose_2013_Patricia_Ortellinbsp\">Ros\u00e9 2013 Patricia Ortelli&nbsp;:<\/a><\/li><li><a href=\"#Rouge_2012_Chateau_la_Calissenbsp\">Rouge 2012 Ch\u00e2teau la Calisse&nbsp;:<\/a><\/li><li><a href=\"#Rouge_2012_Patricia_Ortellinbsp\">Rouge 2012 Patricia Ortelli&nbsp;:<\/a><\/li><li><a href=\"#Rouge_2012nbspEtoilesnbsp\">Rouge 2012&nbsp;\u00c9toiles&nbsp;:<\/a><\/li><li><a href=\"#Blanc_2012_Chateau_la_Calissenbsp\">Blanc 2012 Ch\u00e2teau la Calisse&nbsp;:<\/a><\/li><li><a href=\"#Blanc_2012_Patricia_Ortellinbsp\">Blanc 2012 Patricia Ortelli&nbsp;:<\/a><\/li><li><a href=\"#Blanc_2012_ETOILESnbsp\">Blanc 2012 ETOILES&nbsp;:<\/a><\/li><li><a href=\"#Blanc_Muscat_2012nbsp\">Blanc Muscat 2012&nbsp;:<\/a><\/li><li><a href=\"#Rose_2012_Chateau_la_Calissenbsp\">Ros\u00e9 2012 Ch\u00e2teau la Calisse&nbsp;:<\/a><\/li><li><a href=\"#Rose_2012_Patricia_Ortellinbsp\">Ros\u00e9 2012 Patricia Ortelli&nbsp;:<\/a><\/li><li><a href=\"#Blanc_2011_Patricia_Ortelli\">Blanc 2011 Patricia Ortelli<\/a><\/li><li><a href=\"#Rose_2011_Patricia_Ortelli\">Ros\u00e9 2011 Patricia Ortelli<\/a><\/li><li><a href=\"#Rose_2011_Chateau_La_Calisse\">Ros\u00e9 2011 Ch\u00e2teau La Calisse<\/a><\/li><li><a href=\"#Blanc_2011_Etoiles\">Blanc 2011 Etoiles<\/a><\/li><li><a href=\"#Rose_2010_Chateau_La_Calisse\">Ros\u00e9 2010 Ch\u00e2teau La Calisse<\/a><\/li><li><a href=\"#Rose_2011_Patricia_Ortelli-2\">Ros\u00e9 2011 Patricia Ortelli<\/a><\/li><li><a href=\"#Rouge_2009_Patricia_Ortelli\">Rouge 2009 Patricia Ortelli<\/a><\/li><li><a href=\"#Rose_2010_Chateau_La_Calisse-2\">Ros\u00e9 2010 Ch\u00e2teau La Calisse<\/a><\/li><li><a href=\"#Blanc_2010_Patricia_Ortelli\">Blanc 2010 Patricia Ortelli<\/a><\/li><li><a href=\"#Rose_2010_Patricia_Ortelli\">Ros\u00e9 2010 Patricia Ortelli<\/a><\/li><li><a href=\"#Rouge_2009_Chateau_La_Calisse\">Rouge 2009 Ch\u00e2teau La Calisse<\/a><\/li><li><a href=\"#Blanc_2009_Patricia_Ortelli\">Blanc 2009 Patricia Ortelli<\/a><\/li><li><a href=\"#Rouge_2008_Etoiles\">Rouge 2008 Etoiles<\/a><\/li><li><a href=\"#Blanc_2008_Patricia_Ortelli\">Blanc 2008 Patricia Ortelli<\/a><\/li><li><a href=\"#Rose_2008_Patricia_Ortelli\">Ros\u00e9 2008 Patricia Ortelli<\/a><\/li><li><a href=\"#Blanc_2007_Patricia_Ortelli\">Blanc 2007 Patricia Ortelli<\/a><\/li><li><a href=\"#Rose_2007_Patricia_Ortelli\">Ros\u00e9 2007 Patricia Ortelli<\/a><\/li><li><a href=\"#Blanc_2007_Etoiles\">Blanc 2007 Etoiles<\/a><\/li><li><a href=\"#Rouge_2007_Etoiles\">Rouge 2007 Etoiles<\/a><\/li><li><a href=\"#Rouge_2006_Patricia_Ortelli\">Rouge 2006 Patricia Ortelli<\/a><\/li><li><a href=\"#Blanc_2006_Etoiles\">Blanc 2006 Etoiles<\/a><\/li><li><a href=\"#Rouge_2006_Etoiles\">Rouge 2006 Etoiles<\/a><\/li><li><a href=\"#Blanc_2006_Patricia_Ortelli\">Blanc 2006 Patricia Ortelli<\/a><\/li><li><a href=\"#Rose_2006_Patricia_Ortelli\">Ros\u00e9 2006 Patricia Ortelli<\/a><\/li><li><a href=\"#Rose_2006_Chateau_La_Calisse\">Ros\u00e9 2006 Ch\u00e2teau La Calisse<\/a><\/li><li><a href=\"#Ruge_2005_Chateau_La_Calisse\">Ruge 2005 Ch\u00e2teau La Calisse<\/a><\/li><li><a href=\"#Rouge_2005_Etoiles\">Rouge 2005 Etoiles<\/a><\/li><li><a href=\"#Blanc_2005_Patricia_Ortelli\">Blanc 2005 Patricia Ortelli<\/a><\/li><li><a href=\"#Rose_2005_Patricia_Ortelli\">Ros\u00e9 2005 Patricia Ortelli<\/a><\/li><li><a href=\"#Rouge_2004_Patricia_Ortelli\">Rouge 2004 Patricia Ortelli<\/a><\/li><li><a href=\"#Rouge_2004_Etoiles\">Rouge 2004 Etoiles<\/a><\/li><li><a href=\"#Blanc_2004_Patricia_Ortelli\">Blanc 2004 Patricia Ortelli<\/a><\/li><li><a href=\"#Rose_2004_Patricia_Ortelli\">Ros\u00e9 2004 Patricia Ortelli<\/a><\/li><li><a href=\"#Rouge_2003_Patricia_Ortelli\">Rouge 2003 Patricia Ortelli<\/a><\/li><li><a href=\"#Blanc_2003_Chateau_La_Calisse\">Blanc 2003 Ch\u00e2teau La Calisse<\/a><\/li><li><a href=\"#Blanc_2003_Patricia_Ortelli\">Blanc 2003 Patricia Ortelli<\/a><\/li><li><a href=\"#Rouge_2003nbspEtoiles\">Rouge 2003&nbsp;Etoiles<\/a><\/li><li><a href=\"#Rose_2003_Patricia_Ortelli\">Ros\u00e9 2003 Patricia Ortelli<\/a><\/li><li><a href=\"#Rouge_2002nbspEtoiles\">Rouge 2002&nbsp;Etoiles<\/a><\/li><li><a href=\"#Rouge_2001nbspEtoiles\">Rouge 2001&nbsp;Etoiles<\/a><\/li><li><a href=\"#Rose_2001_Patricia_Ortelli\">Ros\u00e9 2001 Patricia Ortelli<\/a><\/li><li><a href=\"#Blanc_2001_Patricia_Ortelli\">Blanc 2001 Patricia Ortelli<\/a><\/li><li><a href=\"#Blanc_2000_Patricia_Ortelli\">Blanc 2000 Patricia Ortelli<\/a><\/li><li><a href=\"#Rose_2000_Patricia_Ortelli\">Ros\u00e9 2000 Patricia Ortelli<\/a><\/li><li><a href=\"#Blanc_1999_Patricia_Ortelli\">Blanc 1999 Patricia Ortelli<\/a><\/li><li><a href=\"#Rouge_1999_Patricia_Ortelli\">Rouge 1999 Patricia Ortelli<\/a><\/li><li><a href=\"#Rouge_1999\">Rouge 1999<\/a><\/li><li><a href=\"#Rose_1999_Patricia_Ortelli\">Ros\u00e9 1999 Patricia Ortelli<\/a><\/li><li><a href=\"#Syrah_and_Grenache\">Syrah and Grenache<\/a><\/li><li><a href=\"#Syrah_and_Grenache-2\">Syrah and Grenache<\/a><\/li><li><a href=\"#Syrah_and_Merlot\">Syrah and Merlot<\/a><\/li><li><a href=\"#Syrah_and_Grenache-3\">Syrah and Grenache<\/a><\/li><li><a href=\"#Syrah_and_Cabernet_Sauvignon\">Syrah and Cabernet Sauvignon<\/a><\/li><li><a href=\"#Syrah_Grenache_and_Cabernet_Sauvignon\">Syrah, Grenache and Cabernet Sauvignon<\/a><\/li><\/ul><\/li><\/ul><\/div>\n<h2 style=\"text-align: center;\"><span id=\"Discover_our_wines\"><span style=\"color: #000000;\">Discover our wines<\/span><\/span><\/h2>\n<\/div><\/div><\/div><\/div><div id=\"x-section-2\"  class=\"x-section\"  style=\"margin: -40px 0px 0px;padding: 5px 0px 15px; background-color: transparent;\"   ><div  class=\"x-container max width\"  style=\"margin: 0px auto;padding: 0px;\"   ><div  class=\"x-column x-sm x-1-1\" style=\"padding: 0px;\" ><div  class=\"x-accordion\" ><div  class=\"x-accordion-group palmares\" style=\"border:none; font-color:transparent\" data-cs-collapse-group><div class=\"x-accordion-heading\"><a class=\"x-accordion-toggle collapsed\" data-cs-collapse-toggle  >See our wine's price list<\/a><\/div><div class=\"x-accordion-body collapse\" data-cs-collapse-content><div class=\"x-accordion-inner\">\n<div class=\"contenu-popup\">\n<div class=\"popup-palmares\">\n<div class=\"contenu-palmares\">\n<div class=\"contenu-popup\">\n<div class=\"popup-palmares\">\n<div class=\"contenu-palmares\">\n<h3><span id=\"Blanc_Muscat_2019\">Blanc Muscat 2019 :<\/span><\/h3>\n<ul>\n<li>M\u00e9daille d\u2019Or au Concours G\u00e9n\u00e9ral Agricole de Paris 2019<\/li>\n<\/ul>\n<h3><span id=\"Blanc_2019_Patricia_Ortelli\">Blanc 2019 Patricia Ortelli :<\/span><\/h3>\n<ul>\n<li>M\u00e9daille d\u2019Argent au Concours National des Vins Vinifi\u00e9s par le Vigneron Ind\u00e9pendant 2020<\/li>\n<\/ul>\n<h3><span id=\"Rose_2019_Patricia_Ortelli\">Ros\u00e9 2019 Patricia Ortelli :<\/span><\/h3>\n<ul>\n<li>M\u00e9daille d\u2019Argent au Concours National des Vins Vinifi\u00e9s par le Vigneron Ind\u00e9pendant 2020<\/li>\n<\/ul>\n<h3><span id=\"Rouge_2017_Patricia_Ortelli\">Rouge 2017 Patricia Ortelli :<\/span><\/h3>\n<ul>\n<li>M\u00e9daille d\u2019Argent au Concours G\u00e9n\u00e9ral Agricole de Paris 2020<\/li>\n<\/ul>\n<h3><span id=\"Rose_2018_Patricia_Ortelli\">Ros\u00e9 2018 Patricia Ortelli :<\/span><\/h3>\n<ul>\n<li>M\u00e9daille d\u2019Or au Concours des Vins de Provence de SAINT TROPEZ 2019<\/li>\n<li>M\u00e9daille d\u2019Argent au Concours G\u00e9n\u00e9ral Agricole de Paris 2019<\/li>\n<li>M\u00e9daille d\u2019Or au Concours Agricole de Brignoles 2019<\/li>\n<\/ul>\n<h3><span id=\"Blanc_2018_Patricia_Ortelli\">Blanc 2018 Patricia Ortelli :<\/span><\/h3>\n<ul>\n<li>M\u00e9daille d\u2019Argent au Concours G\u00e9n\u00e9ral Agricole de Paris 2019<\/li>\n<li>M\u00e9daille d\u2019Argent au Concours Agricole de Brignoles 2019<\/li>\n<\/ul>\n<h3><span id=\"Rouge_2016_Patricia_Ortelli\">Rouge 2016 Patricia Ortelli:<\/span><\/h3>\n<ul>\n<li>M\u00e9daille d\u2019Or au Concours Agricole de Brignoles 2019<\/li>\n<\/ul>\n<h3><span id=\"Rouge_2016_Etoiles\">Rouge 2016 \u00c9toiles:<\/span><\/h3>\n<ul>\n<li>M\u00e9daille d\u2019Or au Concours G\u00e9n\u00e9ral Agricole de Paris 2019<\/li>\n<\/ul>\n<h3><span id=\"Rose_2017_Chateau_La_Calisse\">Ros\u00e9 2017 Ch\u00e2teau La Calisse:<\/span><\/h3>\n<ul>\n<li>M\u00e9daille d\u2019Or au Concours G\u00e9n\u00e9ral Agricole de PARIS 2018<\/li>\n<li>M\u00e9daille d\u2019Or au Concours des Vins de Provence de SAINT TROPEZ 2018<\/li>\n<\/ul>\n<h3><span id=\"Blanc_2017_Chateau_La_Calisse\">Blanc 2017 Ch\u00e2teau La Calisse:<\/span><\/h3>\n<ul>\n<li>M\u00e9daille d\u2019Or au Concours des Vins de Provence de SAINT TROPEZ 2018<\/li>\n<li>M\u00e9daille d\u2019Argent au Concours G\u00e9n\u00e9ral Agricole de PARIS 2018<\/li>\n<\/ul>\n<h3><span id=\"Blanc_2017_Patricia_Ortelli\">Blanc 2017 Patricia Ortelli:<\/span><\/h3>\n<ul>\n<li>M\u00e9daille d\u2019Or au Concours Agricole de BRIGNOLES 2018<\/li>\n<li>M\u00e9daille d\u2019Or au Concours des Vins de Provence de SAINT TROPEZ 2018<\/li>\n<li>M\u00e9daille d\u2019Or au Concours des Grands Vins de MACON 2018<\/li>\n<li>Grand Prix d\u2019Excellence Vinalies 2018<\/li>\n<li>Cuv\u00e9e S\u00e9lectionn\u00e9e par le Conseil G\u00e9n\u00e9ral du Var<\/li>\n<\/ul>\n<h3><span id=\"Rose_2017_Patricia_Ortelli\">Ros\u00e9 2017 Patricia Ortelli :<\/span><\/h3>\n<ul>\n<li>M\u00e9daille d\u2019Or au Concours Agricole de BRIGNOLES 2018<\/li>\n<li>M\u00e9daille de Bronze au Concours des Grands Vins de MACON 2018<\/li>\n<li>Cuv\u00e9e S\u00e9lectionn\u00e9e par le Conseil G\u00e9n\u00e9ral du Var<\/li>\n<\/ul>\n<h3><span id=\"Blanc_2016_Chateau_la_Calissenbsp\">Blanc 2016 Ch\u00e2teau la Calisse&nbsp;:<\/span><\/h3>\n<ul>\n<li>M\u00e9daille d\u2019Argent au Concours G\u00e9n\u00e9ral Agricole de PARIS 2017<\/li>\n<\/ul>\n<h3><span id=\"Blanc_2016_Patricia_Ortellinbsp\">Blanc 2016 Patricia Ortelli&nbsp;:<\/span><\/h3>\n<ul>\n<li>M\u00e9daille d\u2019Or au Concours Agricole de BRIGNOLES 2017<\/li>\n<li>M\u00e9daille d\u2019Or au Concours des Grands Vins de MACON 2017<\/li>\n<li>M\u00e9daille d\u2019Argent au Concours National des Vins Vinifi\u00e9s par le Vigneron Ind\u00e9pendant 2017<\/li>\n<li>M\u00e9daille de Bronze au Concours G\u00e9n\u00e9ral Agricole de PARIS 2017<\/li>\n<\/ul>\n<h3><span id=\"Rose_2016_Patricia_Ortellinbsp\">Ros\u00e9 2016 Patricia Ortelli&nbsp;:<\/span><\/h3>\n<ul>\n<li>M\u00e9daille d\u2019Argent au Concours Agricole de BRIGNOLES 2017<\/li>\n<li>M\u00e9daille de Bronze au Concours des Grands Vins de MACON 2017<\/li>\n<\/ul>\n<h3><span id=\"Rouge_2015_Patricia_Ortellinbsp\">Rouge 2015 Patricia Ortelli&nbsp;:<\/span><\/h3>\n<ul>\n<li>M\u00e9daille de Bronze au Concours G\u00e9n\u00e9ral Agricole de PARIS 2017<\/li>\n<\/ul>\n<h3><span id=\"Blanc_2015_Chateau_la_Calissenbsp\">Blanc 2015 Ch\u00e2teau la Calisse&nbsp;:<\/span><\/h3>\n<ul>\n<li>M\u00e9daille d\u2019Or au Concours G\u00e9n\u00e9ral Agricole de PARIS 2016<\/li>\n<li>M\u00e9daille d\u2019Argent au Concours des Vins de Provence de SAINT TROPEZ 2016<\/li>\n<li>M\u00e9daille d\u2019Argent au Concours Mill\u00e9sime BIO 2017<\/li>\n<li>Blanc 2015 Patricia Ortelli&nbsp;:<\/li>\n<li>M\u00e9daille d\u2019Or au Concours National des Vins Vinifi\u00e9s par le Vigneron Ind\u00e9pendant 2016<\/li>\n<li>M\u00e9daille d\u2019Argent au Concours des Grands Vins de MACON 2016<\/li>\n<\/ul>\n<h3><span id=\"Blanc_2015_Etoiles\">Blanc 2015 \u00c9toiles:<\/span><\/h3>\n<ul>\n<li>M\u00e9daille d\u2019Or au Concours des Vins de Provence de SAINT TROPEZ 2016<\/li>\n<li>M\u00e9daille d\u2019Argent au Concours Mill\u00e9sime BIO 2017<\/li>\n<\/ul>\n<h3><span id=\"Rose_2015_Chateau_la_Calissenbsp\">Ros\u00e9 2015 Ch\u00e2teau la Calisse&nbsp;:<\/span><\/h3>\n<ul>\n<li>M\u00e9daille d\u2019Argent au Concours G\u00e9n\u00e9ral Agricole de PARIS 2016<\/li>\n<li>M\u00e9daille d\u2019Argent au Mondial du Ros\u00e9 2016<\/li>\n<\/ul>\n<h3><span id=\"Rose_2015_Patricia_Ortellinbsp\">Ros\u00e9 2015 Patricia Ortelli&nbsp;:<\/span><\/h3>\n<ul>\n<li>M\u00e9daille d\u2019Argent au Mondial du Ros\u00e9 2016<\/li>\n<li>M\u00e9daille d\u2019Argent au Concours Agricole de BRIGNOLES 2016<\/li>\n<\/ul>\n<h3><span id=\"Blanc_2014_Chateau_la_Calissenbsp\">Blanc 2014 Ch\u00e2teau la Calisse&nbsp;:<\/span><\/h3>\n<ul>\n<li>M\u00e9daille d\u2019Or au Concours G\u00e9n\u00e9ral Agricole de PARIS 2015<\/li>\n<li>M\u00e9daille de Bronze au Concours des Vins de Provence de SAINT TROPEZ 2015<\/li>\n<\/ul>\n<h3><span id=\"Blanc_2014_Patricia_Ortellinbsp\">Blanc 2014 Patricia Ortelli&nbsp;:<\/span><\/h3>\n<ul>\n<li>M\u00e9daille d\u2019Or au Concours G\u00e9n\u00e9ral Agricole de PARIS 2015<\/li>\n<li>Prix des Vinalies 2015<\/li>\n<\/ul>\n<h3><span id=\"Blanc_2014_Etoilesnbsp\">Blanc 2014 \u00c9toiles&nbsp;:<\/span><\/h3>\n<ul>\n<li>M\u00e9daille d\u2019Or au Concours des Vins de Provence de SAINT TROPEZ 2015<\/li>\n<li>Cuv\u00e9e S\u00e9lectionn\u00e9e par le Conseil G\u00e9n\u00e9ral du Var<\/li>\n<\/ul>\n<h3><span id=\"Rose_2014_Patricia_Ortellinbsp\">Ros\u00e9 2014 Patricia Ortelli&nbsp;:<\/span><\/h3>\n<ul>\n<li>M\u00e9daille de Bronze au Concours G\u00e9n\u00e9ral Agricole de PARIS 2015<\/li>\n<li>M\u00e9daille de Bronze au Concours des Vins de Provence de SAINT TROPEZ 2015<\/li>\n<li>Prix des Vinalies 2015<\/li>\n<\/ul>\n<h3><span id=\"Rouge_2014_Chateau_la_Calissenbsp\">Rouge 2014 Ch\u00e2teau la Calisse&nbsp;:<\/span><\/h3>\n<ul>\n<li>M\u00e9daille d\u2019Argent au Concours des Vins de Provence de SAINT TROPEZ 2017<\/li>\n<\/ul>\n<h3><span id=\"Rouge_2014_Patricia_Ortellinbsp\">Rouge 2014 Patricia Ortelli&nbsp;:<\/span><\/h3>\n<ul>\n<li>M\u00e9daille d\u2019Argent au Concours des Vins de Provence de SAINT TROPEZ 2017<\/li>\n<\/ul>\n<h3><span id=\"Rouge_2013_Chateau_la_Calissenbsp\">Rouge 2013 Ch\u00e2teau la Calisse&nbsp;:<\/span><\/h3>\n<ul>\n<li>M\u00e9daille d\u2019Argent au Concours G\u00e9n\u00e9ral Agricole de PARIS 2015<\/li>\n<\/ul>\n<h3><span id=\"Blanc_2013_Chateau_la_Calissenbsp\">Blanc 2013 Ch\u00e2teau la Calisse&nbsp;:<\/span><\/h3>\n<ul>\n<li>M\u00e9daille d\u2019Argent au Concours G\u00e9n\u00e9ral Agricole de PARIS 2014<\/li>\n<\/ul>\n<h3><span id=\"Blanc_2013_Patricia_Ortellinbsp\">Blanc 2013 Patricia Ortelli&nbsp;:<\/span><\/h3>\n<ul>\n<li>M\u00e9daille d\u2019Or au Concours G\u00e9n\u00e9ral Agricole de PARIS 2014<\/li>\n<li>M\u00e9daille d\u2019Or au Concours National des Vins Vinifi\u00e9s par le Vigneron Ind\u00e9pendant 2014<\/li>\n<li>M\u00e9daille d\u2019Argent au Concours des Vins de Provence de SAINT TROPEZ 2014<\/li>\n<li>Prix d\u2019Excellence des Vinalies 2014<\/li>\n<\/ul>\n<h3><span id=\"Rose_2013_Chateau_la_Calissenbsp\">Ros\u00e9 2013 Ch\u00e2teau la Calisse&nbsp;:<\/span><\/h3>\n<ul>\n<li>M\u00e9daille d\u2019Argent au Mondial du Ros\u00e9 2014<\/li>\n<\/ul>\n<h3><span id=\"Rose_2013_Patricia_Ortellinbsp\">Ros\u00e9 2013 Patricia Ortelli&nbsp;:<\/span><\/h3>\n<ul>\n<li>M\u00e9daille d\u2019Or au Concours Mill\u00e9sime BIO 2014<\/li>\n<li>M\u00e9daille d\u2019Or au Concours des Vins de Provence de SAINT TROPEZ 2014<\/li>\n<li>M\u00e9daille d\u2019Argent au Mondial du Ros\u00e9 2014<\/li>\n<\/ul>\n<h3><span id=\"Rouge_2012_Chateau_la_Calissenbsp\">Rouge 2012 Ch\u00e2teau la Calisse&nbsp;:<\/span><\/h3>\n<ul>\n<li>M\u00e9daille d\u2019Or au Concours G\u00e9n\u00e9ral Agricole de PARIS 2014<\/li>\n<\/ul>\n<h3><span id=\"Rouge_2012_Patricia_Ortellinbsp\">Rouge 2012 Patricia Ortelli&nbsp;:<\/span><\/h3>\n<ul>\n<li>M\u00e9daille d\u2019Or au Concours G\u00e9n\u00e9ral Agricole de PARIS 2014<\/li>\n<li>M\u00e9daille d\u2019Or au Concours Mill\u00e9sime BIO 2014<\/li>\n<li>M\u00e9daille d\u2019Or au Concours des Vins de Provence de SAINT TROPEZ 2014<\/li>\n<li>M\u00e9daille d\u2019Argent au Concours des Vins de Provence de SAINT TROPEZ 2015<\/li>\n<\/ul>\n<h3><span id=\"Rouge_2012nbspEtoilesnbsp\">Rouge 2012&nbsp;\u00c9toiles&nbsp;:<\/span><\/h3>\n<ul>\n<li>M\u00e9daille d\u2019Argent au Concours des Vins de Provence de SAINT TROPEZ 2016<\/li>\n<li>M\u00e9daille de Bronze au Concours Mill\u00e9sime BIO 2014<\/li>\n<\/ul>\n<h3><span id=\"Blanc_2012_Chateau_la_Calissenbsp\">Blanc 2012 Ch\u00e2teau la Calisse&nbsp;:<\/span><\/h3>\n<ul>\n<li>M\u00e9daille d\u2019Or au Concours G\u00e9n\u00e9ral Agricole de PARIS 2013<\/li>\n<\/ul>\n<h3><span id=\"Blanc_2012_Patricia_Ortellinbsp\">Blanc 2012 Patricia Ortelli&nbsp;:<\/span><\/h3>\n<ul>\n<li>M\u00e9daille d\u2019Or au Concours G\u00e9n\u00e9ral Agricole de PARIS 2013<\/li>\n<li>M\u00e9daille d\u2019Or au Concours des Grands Vins de MACON 2013<\/li>\n<li>Cuv\u00e9e S\u00e9lectionn\u00e9e par le Conseil G\u00e9n\u00e9ral du Var<\/li>\n<li>M\u00e9daille d\u2019Argent au Concours National des Vins Vinifi\u00e9s par le Vigneron Ind\u00e9pendant 2013<\/li>\n<li>Prix des Vinalies 2013<\/li>\n<\/ul>\n<h3><span id=\"Blanc_2012_ETOILESnbsp\">Blanc 2012 ETOILES&nbsp;:<\/span><\/h3>\n<ul>\n<li>M\u00e9daille d\u2019Argent au Concours Mill\u00e9sime BIO 2013<\/li>\n<li>M\u00e9daille d\u2019Or au Concours des Vins de Provence de SAINT TROPEZ 2014<\/li>\n<\/ul>\n<h3><span id=\"Blanc_Muscat_2012nbsp\">Blanc Muscat 2012&nbsp;:<\/span><\/h3>\n<ul>\n<li>M\u00e9daille d\u2019Argent au Concours G\u00e9n\u00e9ral Agricole de PARIS 2013<\/li>\n<li>M\u00e9daille d\u2019Argent au Concours Mill\u00e9sime BIO 2013<\/li>\n<\/ul>\n<h3><span id=\"Rose_2012_Chateau_la_Calissenbsp\">Ros\u00e9 2012 Ch\u00e2teau la Calisse&nbsp;:<\/span><\/h3>\n<ul>\n<li>M\u00e9daille d\u2019Argent au Concours G\u00e9n\u00e9ral Agricole de PARIS 2013<\/li>\n<li>M\u00e9daille d\u2019Argent au Concours Mill\u00e9sime BIO 2013<\/li>\n<\/ul>\n<h3><span id=\"Rose_2012_Patricia_Ortellinbsp\">Ros\u00e9 2012 Patricia Ortelli&nbsp;:<\/span><\/h3>\n<ul>\n<li>M\u00e9daille d\u2019Argent au Concours G\u00e9n\u00e9ral Agricole de PARIS 2013<\/li>\n<\/ul>\n<h3><span id=\"Blanc_2011_Patricia_Ortelli\">Blanc 2011 Patricia Ortelli<\/span><\/h3>\n<ul>\n<li>Cuv\u00e9e S\u00e9lectionn\u00e9e par le Conseil G\u00e9n\u00e9ral du Var<\/li>\n<li>M\u00e9daille d&#8217;Argent au Concours des Vins de Provence de SAINT TROPEZ 2012<\/li>\n<li>M\u00e9daille de Bronze au Concours G\u00e9n\u00e9ral Agricole de PARIS 2012<\/li>\n<\/ul>\n<h3><span id=\"Rose_2011_Patricia_Ortelli\">Ros\u00e9 2011 Patricia Ortelli<\/span><\/h3>\n<ul>\n<li>M\u00e9daille d&#8217;Or au Mondial du Ros\u00e9 2012<\/li>\n<\/ul>\n<h3><span id=\"Rose_2011_Chateau_La_Calisse\">Ros\u00e9 2011 Ch\u00e2teau La Calisse<\/span><\/h3>\n<ul>\n<li>M\u00e9daille de Bronze au Concours G\u00e9n\u00e9ral Agricole de PARIS 2012<\/li>\n<\/ul>\n<h3><span id=\"Blanc_2011_Etoiles\">Blanc 2011 Etoiles<\/span><\/h3>\n<ul>\n<li>M\u00e9daille d&#8217;Or au Concours des Vins de Provence de SAINT TROPEZ 2012<\/li>\n<\/ul>\n<h3><span id=\"Rose_2010_Chateau_La_Calisse\">Ros\u00e9 2010 Ch\u00e2teau La Calisse<\/span><\/h3>\n<ul>\n<li>M\u00e9daille de Bronze au Concours G\u00e9n\u00e9ral Agricole de PARIS 2012<\/li>\n<\/ul>\n<h3><span id=\"Rose_2011_Patricia_Ortelli-2\">Ros\u00e9 2011 Patricia Ortelli<\/span><\/h3>\n<ul>\n<li>M\u00e9daille de Bronze au Concours National des Vins Vinifi\u00e9s par le Vigneron Ind\u00e9pendant 2012<\/li>\n<\/ul>\n<h3><span id=\"Rouge_2009_Patricia_Ortelli\">Rouge 2009 Patricia Ortelli<\/span><\/h3>\n<ul>\n<li>M\u00e9daille d&#8217;Or au Concours G\u00e9n\u00e9ral Agricole de PARIS 2011<\/li>\n<\/ul>\n<h3><span id=\"Rose_2010_Chateau_La_Calisse-2\">Ros\u00e9 2010 Ch\u00e2teau La Calisse<\/span><\/h3>\n<ul>\n<li>M\u00e9daille d&#8217;Or au Concours G\u00e9n\u00e9ral Agricole de PARIS 2011<\/li>\n<li>M\u00e9daille d&#8217;Argent au Concours des Vins de Provence de SAINT TROPEZ 2011<\/li>\n<\/ul>\n<h3><span id=\"Blanc_2010_Patricia_Ortelli\">Blanc 2010 Patricia Ortelli<\/span><\/h3>\n<ul>\n<li>M\u00e9daille d&#8217;Or au Concours des Vins de Provence de SAINT TROPEZ 2011<\/li>\n<li>M\u00e9daille d&#8217;Argent au Concours G\u00e9n\u00e9ral Agricole de PARIS 2011<\/li>\n<\/ul>\n<h3><span id=\"Rose_2010_Patricia_Ortelli\">Ros\u00e9 2010 Patricia Ortelli<\/span><\/h3>\n<ul>\n<li>M\u00e9daille de Bronze au Concours G\u00e9n\u00e9ral Agricole de PARIS 2011<\/li>\n<\/ul>\n<h3><span id=\"Rouge_2009_Chateau_La_Calisse\">Rouge 2009 Ch\u00e2teau La Calisse<\/span><\/h3>\n<ul>\n<li>M\u00e9daille de Bronze au Concours G\u00e9n\u00e9ral Agricole de PARIS 2011<\/li>\n<\/ul>\n<h3><span id=\"Blanc_2009_Patricia_Ortelli\">Blanc 2009 Patricia Ortelli<\/span><\/h3>\n<ul>\n<li>Cuv\u00e9e S\u00e9lectionn\u00e9e par le Conseil G\u00e9n\u00e9ral du Var<\/li>\n<\/ul>\n<h3><span id=\"Rouge_2008_Etoiles\">Rouge 2008 Etoiles<\/span><\/h3>\n<ul>\n<li>Cuv\u00e9e S\u00e9lectionn\u00e9e par le Conseil G\u00e9n\u00e9ral du Var<\/li>\n<\/ul>\n<h3><span id=\"Blanc_2008_Patricia_Ortelli\">Blanc 2008 Patricia Ortelli<\/span><\/h3>\n<ul>\n<li>M\u00e9daille d&#8217;Or au Concours National des Vins Vinifi\u00e9s par le Vigneron Ind\u00e9pendant 2009<\/li>\n<li>Cuv\u00e9e S\u00e9lectionn\u00e9e par le Conseil G\u00e9n\u00e9ral du Var<\/li>\n<li>M\u00e9daille d&#8217;Or au concours Agricole de BRIGNOLES 2009<\/li>\n<li>M\u00e9daille d&#8217;Argent au Concours des Grands Vins de MACON 2009<\/li>\n<li>Prix des Vinalies 2009<\/li>\n<\/ul>\n<h3><span id=\"Rose_2008_Patricia_Ortelli\">Ros\u00e9 2008 Patricia Ortelli<\/span><\/h3>\n<ul>\n<li>M\u00e9daille d&#8217;Or au concours Agricole de BRIGNOLES 2009<\/li>\n<li>M\u00e9daille d&#8217;Argent au Concours G\u00e9n\u00e9ral Agricole de PARIS 2009<\/li>\n<li>M\u00e9daille d&#8217;Argent au Concours Mill\u00e9sime BIO 2010<\/li>\n<\/ul>\n<h3><span id=\"Blanc_2007_Patricia_Ortelli\">Blanc 2007 Patricia Ortelli<\/span><\/h3>\n<ul>\n<li>M\u00e9daille d&#8217;Or au Concours Challenge Mill\u00e9sime BIO 2009<\/li>\n<\/ul>\n<h3><span id=\"Rose_2007_Patricia_Ortelli\">Ros\u00e9 2007 Patricia Ortelli<\/span><\/h3>\n<ul>\n<li>Grand Prix d&#8217;Excellence des VINALIES 2008<\/li>\n<li>M\u00e9daille d&#8217;Argent au Concours National des Vins Vinifi\u00e9s par le Vigneron Ind\u00e9pendant 2008<\/li>\n<\/ul>\n<h3><span id=\"Blanc_2007_Etoiles\">Blanc 2007 Etoiles<\/span><\/h3>\n<ul>\n<li>Prix d&#8217;Excellence des VINALIES 2008<\/li>\n<\/ul>\n<h3><span id=\"Rouge_2007_Etoiles\">Rouge 2007 Etoiles<\/span><\/h3>\n<ul>\n<li>Prix d&#8217;Excellence des VINALIES 2008<\/li>\n<li>M\u00e9daille de Bronze au Concours Challenge Mill\u00e9sime BIO 2009<\/li>\n<li>M\u00e9daille de Bronze au Concours des Grands Vins de MACON 2009<\/li>\n<\/ul>\n<h3><span id=\"Rouge_2006_Patricia_Ortelli\">Rouge 2006 Patricia Ortelli<\/span><\/h3>\n<ul>\n<li>M\u00e9daille d&#8217;Or au Concours G\u00e9n\u00e9ral Agricole de PARIS 2008<\/li>\n<li>M\u00e9daille d&#8217;Argent au Concours National des Vins Vinifi\u00e9s par le Vigneron Ind\u00e9pendant 2010<\/li>\n<\/ul>\n<h3><span id=\"Blanc_2006_Etoiles\">Blanc 2006 Etoiles<\/span><\/h3>\n<ul>\n<li>M\u00e9daille d&#8217;Argent au Concours des Vins de Provence de SAINT TROPEZ 2007<\/li>\n<\/ul>\n<h3><span id=\"Rouge_2006_Etoiles\">Rouge 2006 Etoiles<\/span><\/h3>\n<ul>\n<li>M\u00e9daille d&#8217;Argent au Concours des Vins de Provence de SAINT TROPEZ 2007<\/li>\n<li>Prix d&#8217;Excellence des VINALIES 2007<\/li>\n<\/ul>\n<h3><span id=\"Blanc_2006_Patricia_Ortelli\">Blanc 2006 Patricia Ortelli<\/span><\/h3>\n<ul>\n<li>M\u00e9daille d&#8217;Or au Concours des Grands Vins de MACON 2007<\/li>\n<li>Grand Prix d&#8217;Excellence des VINALIES 2007<\/li>\n<\/ul>\n<h3><span id=\"Rose_2006_Patricia_Ortelli\">Ros\u00e9 2006 Patricia Ortelli<\/span><\/h3>\n<ul>\n<li>M\u00e9daille d&#8217;Or au Concours G\u00e9n\u00e9ral Agricole de PARIS 2007<\/li>\n<li>Grand d&#8217;Excellence des VINALIES 2007<\/li>\n<li>M\u00e9daille d&#8217;Or au Concours Agricole de BRIGNOLES 2007<\/li>\n<li>M\u00e9daille de Bronze au Concours National des Vins Vinifi\u00e9s par le Vigneron Ind\u00e9pendant 2007<\/li>\n<\/ul>\n<h3><span id=\"Rose_2006_Chateau_La_Calisse\">Ros\u00e9 2006 Ch\u00e2teau La Calisse<\/span><\/h3>\n<ul>\n<li>M\u00e9daille d&#8217;Or au Concours G\u00e9n\u00e9ral Agricole de PARIS 2007<\/li>\n<\/ul>\n<h3><span id=\"Ruge_2005_Chateau_La_Calisse\">Ruge 2005 Ch\u00e2teau La Calisse<\/span><\/h3>\n<ul>\n<li>M\u00e9daille de Bronze au Concours G\u00e9n\u00e9ral Agricole de PARIS 2007<\/li>\n<\/ul>\n<h3><span id=\"Rouge_2005_Etoiles\">Rouge 2005 Etoiles<\/span><\/h3>\n<ul>\n<li>Prix des VINALIES 2006<\/li>\n<\/ul>\n<h3><span id=\"Blanc_2005_Patricia_Ortelli\">Blanc 2005 Patricia Ortelli<\/span><\/h3>\n<ul>\n<li>Cuv\u00e9e s\u00e9lectionn\u00e9e par le Conseil G\u00e9n\u00e9ral du Var<\/li>\n<li>Prix des VINALIES 2006<\/li>\n<\/ul>\n<h3><span id=\"Rose_2005_Patricia_Ortelli\">Ros\u00e9 2005 Patricia Ortelli<\/span><\/h3>\n<ul>\n<li>M\u00e9daille d&#8217;Or au Concours National des Vins Vinifi\u00e9s par le Vigneron Ind\u00e9pendant 2006<\/li>\n<li>M\u00e9daille d&#8217;Or au Concours Agricole de BRIGNOLES 2006<\/li>\n<li>Cuv\u00e9e s\u00e9lectionn\u00e9e par le Conseil G\u00e9n\u00e9ral du Var<\/li>\n<li>M\u00e9daille d&#8217;Argent au Concours des Grands Vins de MACON 2006<\/li>\n<li>Prix des ViNALIES 2006<\/li>\n<\/ul>\n<h3><span id=\"Rouge_2004_Patricia_Ortelli\">Rouge 2004 Patricia Ortelli<\/span><\/h3>\n<ul>\n<li>M\u00e9daille d&#8217;Or au Concours G\u00e9n\u00e9ral Agricole de PARIS 2006<\/li>\n<li>M\u00e9daille de Bronze au Concours Agricole de BRIGNOLES 2006<\/li>\n<\/ul>\n<h3><span id=\"Rouge_2004_Etoiles\">Rouge 2004 Etoiles<\/span><\/h3>\n<ul>\n<li>Prix d&#8217;Excellence des VINALIES 2005<\/li>\n<li>M\u00e9daille d&#8217;Argent au Concours National des Vins Vinifi\u00e9s par le Vigneron Ind\u00e9pendant 2006<\/li>\n<li>M\u00e9daille de Bronze au Concours des Grands Vins de MACON 2006<\/li>\n<\/ul>\n<h3><span id=\"Blanc_2004_Patricia_Ortelli\">Blanc 2004 Patricia Ortelli<\/span><\/h3>\n<ul>\n<li>Cuv\u00e9e s\u00e9lectionn\u00e9e par le Conseil G\u00e9n\u00e9ral du Var<\/li>\n<li>M\u00e9daille d&#8217;Argent au Concours National des Vins Vinifi\u00e9s par le Vigneron Ind\u00e9pendant 2005<\/li>\n<\/ul>\n<h3><span id=\"Rose_2004_Patricia_Ortelli\">Ros\u00e9 2004 Patricia Ortelli<\/span><\/h3>\n<ul>\n<li>M\u00e9daille d&#8217;Or au Concours National&nbsp;des Vins Vinifi\u00e9s par le Vigneron Ind\u00e9pendant 2005<\/li>\n<li>M\u00e9daille de Bronze au Concours G\u00e9n\u00e9ral Agricole de PARIS 2005<\/li>\n<li>M\u00e9daille de Bronze au Concours Agricole de BRIGNOLES 2005<\/li>\n<\/ul>\n<h3><span id=\"Rouge_2003_Patricia_Ortelli\">Rouge 2003 Patricia Ortelli<\/span><\/h3>\n<ul>\n<li>M\u00e9daille de Bronze au Concours des Grands Vins de MACON 2005<\/li>\n<\/ul>\n<h3><span id=\"Blanc_2003_Chateau_La_Calisse\">Blanc 2003 Ch\u00e2teau La Calisse<\/span><\/h3>\n<ul>\n<li>M\u00e9daille d&#8217;Or au Concours G\u00e9n\u00e9ral Agricole de PARIS 2004<\/li>\n<\/ul>\n<h3><span id=\"Blanc_2003_Patricia_Ortelli\">Blanc 2003 Patricia Ortelli<\/span><\/h3>\n<ul>\n<li>M\u00e9daille d&#8217;Or au Concours National des Vins Vinifi\u00e9s par le Vigneron Ind\u00e9pendant 2004<\/li>\n<li>Prix d&#8217;Excellence des VINALIES 2004<\/li>\n<li>M\u00e9daille d&#8217;Argent au concours Agricole de BRIGNOLES 2004<\/li>\n<li>M\u00e9daille de Bronze au Concours G\u00e9n\u00e9ral Agricole de PARIS 2004<\/li>\n<li>M\u00e9daille de Bronze au Concours des Grands Vins de MACON 2004<\/li>\n<\/ul>\n<h3><span id=\"Rouge_2003nbspEtoiles\">Rouge 2003&nbsp;Etoiles<\/span><\/h3>\n<ul>\n<li>Grand Prix d&#8217;Excellence des VINALIES 2004<\/li>\n<li>M\u00e9daille de Bronze au Concours National des Vins Vinifi\u00e9s par le Vigneron Ind\u00e9pendant 2004<\/li>\n<li>M\u00e9daille de Bronze au Concours Agricole de BRIGNOLES 2004<\/li>\n<li>Cuv\u00e9e S\u00e9lectionn\u00e9e par le Conseil G\u00e9n\u00e9ral du Var<\/li>\n<\/ul>\n<h3><span id=\"Rose_2003_Patricia_Ortelli\">Ros\u00e9 2003 Patricia Ortelli<\/span><\/h3>\n<ul>\n<li>M\u00e9daille d&#8217;Or au Concours National des Vins Vinifi\u00e9s par le Vigneron Ind\u00e9pendant 2004<\/li>\n<li>M\u00e9daille d&#8217;Or au Concours Agricole de BRIGNOLES 2004<\/li>\n<\/ul>\n<h3><span id=\"Rouge_2002nbspEtoiles\">Rouge 2002&nbsp;Etoiles<\/span><\/h3>\n<ul>\n<li>M\u00e9daille d&#8217;Argent au Concours des Grands Vins de MACON 2003<\/li>\n<li>Prix d&#8217;Excellence des VINALIES 2003<\/li>\n<li>Cuv\u00e9e S\u00e9lectionn\u00e9e par le Conseil G\u00e9n\u00e9ral du Var<\/li>\n<\/ul>\n<h3><span id=\"Rouge_2001nbspEtoiles\">Rouge 2001&nbsp;Etoiles<\/span><\/h3>\n<ul>\n<li>Grand Prix d&#8217;Excellence des VINALIES 2002<\/li>\n<\/ul>\n<h3><span id=\"Rose_2001_Patricia_Ortelli\">Ros\u00e9 2001 Patricia Ortelli<\/span><\/h3>\n<ul>\n<li>M\u00e9daille d&#8217;Or au Concours des Grands Vins de MACON 2002<\/li>\n<li>Prix des Vinalies 2002<\/li>\n<\/ul>\n<h3><span id=\"Blanc_2001_Patricia_Ortelli\">Blanc 2001 Patricia Ortelli<\/span><\/h3>\n<ul>\n<li>M\u00e9daille d&#8217;Or au Concours des Grands Vins de MACON 2002<\/li>\n<li>Grand Prix d&#8217;Excellence des VINALIES 2002<\/li>\n<li>M\u00e9daille de Bronze au Concours G\u00e9n\u00e9ral Agricole de PARIS 2002<\/li>\n<li>M\u00e9daille de Bronze au Concours Agricole de BRIGNOLES 2002<\/li>\n<\/ul>\n<h3><span id=\"Blanc_2000_Patricia_Ortelli\">Blanc 2000 Patricia Ortelli<\/span><\/h3>\n<ul>\n<li>M\u00e9daille d&#8217;Or au Concours Agricole de BRIGNOLES 2001<\/li>\n<li>M\u00e9daille d&#8217;Argent au Concours G\u00e9n\u00e9ral Agricole de PARIS 2001<\/li>\n<\/ul>\n<h3><span id=\"Rose_2000_Patricia_Ortelli\">Ros\u00e9 2000 Patricia Ortelli<\/span><\/h3>\n<ul>\n<li>M\u00e9daille d&#8217;Argent au Concours Agricole de BRIGNOLES 2001<\/li>\n<\/ul>\n<h3><span id=\"Blanc_1999_Patricia_Ortelli\">Blanc 1999 Patricia Ortelli<\/span><\/h3>\n<ul>\n<li>M\u00e9daille d&#8217;Or au Concours G\u00e9n\u00e9ral Agricole de PARIS 2000<\/li>\n<li>M\u00e9daille d&#8217;Or au Concours des Grands Vins de MACON 2000<\/li>\n<li>M\u00e9daille d&#8217;Or au Concours Agricole de BRIGNOLES 2000<\/li>\n<\/ul>\n<h3><span id=\"Rouge_1999_Patricia_Ortelli\">Rouge 1999 Patricia Ortelli<\/span><\/h3>\n<ul>\n<li>M\u00e9daille d&#8217;Or au Concours des Grands Vins de MACON 2000<\/li>\n<\/ul>\n<h3><span id=\"Rouge_1999\">Rouge 1999<\/span><\/h3>\n<ul>\n<li>M\u00e9daille de Bronze au Concours des Grands Vins de MACON 2000<\/li>\n<\/ul>\n<h3><span id=\"Rose_1999_Patricia_Ortelli\">Ros\u00e9 1999 Patricia Ortelli<\/span><\/h3>\n<ul>\n<li>M\u00e9daille d&#8217;Or au Concours Agricole de BRIGNOLES 2000<\/li>\n<li>M\u00e9daille de Bronze au Concours des Grands Vins de MACON 2000<\/li>\n<\/ul>\n<hr noshade=\"noshade\" size=\"1\">\n<ul>\n<li>Robert Parker Wine Advocate du 26 juin 1998<\/li>\n<li>Guide HACHETTE des Vins 1998 &#8211; 1999 &#8211; 2000 &#8211; 2001- 2002 &#8211; 2003 &#8211; 2004 &#8211; 2005 &#8211; 2006 &#8211; 2007<\/li>\n<li>Guide HACHETTE des Vins 2001 &#8211; 2006 : Coup de Coeur<\/li>\n<li>Guide des Vins des Sommeliers 2000 &#8211; 2001 &#8211; 2002 &#8211; 2003 &#8211; 2004 &#8211; 2006<\/li>\n<li>Guide BETTANE et DESSEAUVE &#8211; Le Classement des vins et domaines de France 1999 &#8211; 2000 &#8211; 2001 &#8211; 2002 &#8211; 2003 &#8211; 2004<\/li>\n<li>Cuisine et Vins de France &#8211; Les 500 meilleures bouteilles de l&#8217;ann\u00e9e &#8211; Sept\/octobre 1999<\/li>\n<li>Revue du Vin de France &#8211; Sp\u00e9cial Mill\u00e9sime 1997 &#8211; 1998 &#8211; 1999 &#8211; 2000 &#8211; 2001 &#8211; 2002 &#8211; 2003 &#8211; 2004<\/li>\n<li>Revue du Vin de France &#8211; Le Classement des Crus de la M\u00e9diterran\u00e9e 1999<\/li>\n<\/ul>\n<\/div>\n<\/div>\n<\/div>\n<\/div>\n<\/div>\n<\/div>\n<\/div><\/div><\/div><\/div><div  class=\"x-text\"    ><p>    <style type=\"text\/css\">\r\n    \t\t\t#post-grid-429 .element_0{display: block;font-size: 21px;line-height: normal;padding: 5px 10px;text-align: center;}\r\n\t\t\t\t\t\t#post-grid-429 .element_1505851490318{display: block;font-size: 13px;line-height: normal;padding: 5px 10px;text-align: center;}\r\n\t\t\t#post-grid-429 .element_0:hover{}#post-grid-429 .element_1505851490318:hover{}#post-grid-429 .item{\r\n\t\t\tbackground:#f7f7f7;\r\n\t\r\n\t\t\t}<\/style><style type=\"text\/css\">\/*Write your CSS code here*\/<\/style><style type=\"text\/css\">#post-grid-429 .pagination .page-numbers, #post-grid-429 .pagination .pager{\r\n\t\t\r\n\t\tfont-size:17px;\t\t\r\n\t\tcolor:#fff;\t\t\r\n\t\tbackground:#646464;\r\n\t\t\r\n\t\t\r\n\t\t}#post-grid-429 .pagination .page-numbers:hover, #post-grid-429 .pagination .page-numbers.current, #post-grid-429 .pagination .pager.active{\r\n\t\tbackground:#4b4b4b;\r\n\t\t}#post-grid-429 .nav-filter .filter{\r\n\t\t\r\n\t\tfont-size:17px;\t\t\r\n\t\tcolor:#fff;\t\t\r\n\t\tbackground:#646464;\r\n\r\n\t\t}#post-grid-429 .nav-filter .filter:hover, #post-grid-429 .nav-filter .filter.active{\r\n\t\tbackground:#4b4b4b;\r\n\t\t}#post-grid-429 .owl-dots .owl-dot {\r\n\t\t\tbackground: #e6e6e6 none repeat scroll 0 0;\r\n\t\t\t\t \r\n\t\t\t}#post-grid-429 {\r\n\t\t\tpadding:10px;\r\n\t\t\tbackground:  url() repeat scroll 0 0;\r\n\t\t}#post-grid-429 .item .layer-media{height:auto;overflow: hidden;\r\n\t\t}#post-grid-429 .item{\r\n\t\tmargin:30px;}@media only screen and (min-width: 1024px ) {#post-grid-429 .item{height:auto;}}@media only screen and ( min-width: 768px ) and ( max-width: 1023px ) {#post-grid-429 .item{height:220px;}}@media only screen and ( min-width: 0px ) and ( max-width: 767px ){#post-grid-429 .item{height:220px;}}\r\n\t@media only screen and (min-width: 1024px ) {\r\n\t#post-grid-429 .item{width:250px}\r\n\t\r\n\t}\r\n\t\r\n\t@media only screen and ( min-width: 768px ) and ( max-width: 1023px ) {\r\n\t#post-grid-429 .item{width:280px}\r\n\t}\r\n\t\r\n\t@media only screen and ( min-width: 320px ) and ( max-width: 767px ) {\r\n\t#post-grid-429 .item{width:90%}\r\n\t}<\/style>\t\r\n\t<script>\r\n\t\tpost_grid_masonry_enable = \"no\";\r\n\t\tjQuery(document).ready(function($){\r\n\t\t\r\n\t\t\r\n\r\n\t\t});\r\n\t\t\t\t\r\n\t<\/script>\r\n    \r\n    <div id=\"post-grid-429\" class=\"post-grid filterable\">\r\n    \r\n    \t<div class=\"grid-nav-top\">\r\n                <div class=\"nav-filter\">\r\n        \r\n   \r\n        \r\n        \r\n        \r\n        \r\n        \t\t\t\t\t<div class=\"filter filter-429\" data-filter=\"all\">Tout nos vins<\/div>\r\n\t\t\t\t\t\t\t\t\t\t\t\t<div class=\"filter filter-429\" terms-id=\"27\" data-filter=\".blanc-en\" >White<\/div>\r\n\t\t\t\t\t\t\t\t\t\t\t\t\t\t<div class=\"filter filter-429\" terms-id=\"29\" data-filter=\".rose-en\" >Ros\u00e9<\/div>\r\n\t\t\t\t\t\t\t\t\t\t\t\t\t\t<div class=\"filter filter-429\" terms-id=\"28\" data-filter=\".rouge-en\" >Red<\/div>\r\n\t\t\t\t\t\t\t        <\/div> <!-- .nav-filter -->\r\n        <script>\r\n\t\t\tjQuery(document).ready(function($) {\r\n\t\t\t\t\r\n\t\t\t\t\t$(function(){\r\n\t\t\t\t\t\r\n\t\t\t\t\t\t$(\"#post-grid-429\").mixItUp({\r\n\r\n\t\t\t\tpagination: {\r\n\t\t\t\t\tlimit: 20,\r\n\t\t\t\t\tprevButtonHTML: \"\u00ab Previous\",\r\n\t\t\t\t\tnextButtonHTML: \"Next \u00bb\",\r\n\r\n\t\t\t\t\t\r\n\r\n\t\t\t\t},\r\n\t\t\t\t\r\n\r\n\t\t\t\t\r\n\t\t\t\tselectors: {\r\n\t\t\t\t\tpagersWrapper: \".pager-list-429\",\r\n\t\t\t\t\tfilter: \".filter-429\",\r\n\t\t\t\t\t\r\n\t\t\t\t},controls: {\r\n\t\t\t\t\tenable: true\r\n\t\t\t\t}\r\n\t\t\t\t\r\n\t\t\t\t\t\t});\r\n\t\t\t\t\t\r\n\t\t\t\t\t});\r\n\t\t\t\t\t\r\n\t\t\t\r\n\t\t\t\t\t\r\n\t\t\t\t\t\r\n\t\t\t});\t\t\r\n\t\t<\/script><style type=\"text\/css\">\r\n\t\t\r\n\t\t\t\t#post-grid-429 .grid-items .mix{\r\n\t\t\t\t  display: none;\r\n\t\t\t\t}\r\n\t\t\t\t<\/style>\r\n\t\t\t\t        <\/div>\r\n    \r\n    \r\n\t\t        <div class=\"grid-items \">\r\n        \r\n\t\t                       <div class=\"item item-831 mix skin even flat our-wines rose-en  \">\r\n                    \r\n                    \t\t\r\n    <div class=\"layer-media\"><img alt=\"\" src=\"https:\/\/www.chateau-la-calisse.fr\/wp-content\/uploads\/2017\/09\/rose.png\" \/><\/div><div class=\"layer-content\"><div class=\"element element_0 title\"  >Ros\u00e9<\/div><div class=\"element element_1505851490318 content\"  ><h3><span id=\"Syrah_and_Grenache\">Syrah and Grenache<\/span><\/h3>\n<p><strong>Tasting<\/strong><br \/>\nLively and smart. Raspberry aromas.<\/p>\n<p><strong>Planting<\/strong><br \/>\nSyrah and Grenache<\/p>\n<p><strong>Techniques<\/strong><br \/>\nLight maceration (pale colour), followed by &#8220;bleeding&#8221; (extraction of the juices) and low-temperature fermentation in stainless steel vats. Direct Pressing<\/p>\n<p><a href=\"https:\/\/www.chateau-la-calisse.fr\/en\/buy-our-wines\/\" rel=\"noopener noreferrer\">Order<\/a><\/p>\n<\/div><\/div>                    \r\n                    \r\n                    \r\n                    <\/div> <!-- End .item -->\r\n                                        <div class=\"item item-832 mix skin odd flat our-wines rose-en  \">\r\n                    \r\n                    \t\t\r\n    <div class=\"layer-media\"><img alt=\"\" src=\"https:\/\/www.chateau-la-calisse.fr\/wp-content\/uploads\/2017\/09\/rosep.png\" \/><\/div><div class=\"layer-content\"><div class=\"element element_0 title\"  >Ros\u00e9 Patricia Ortelli<\/div><div class=\"element element_1505851490318 content\"  ><h3><span id=\"Syrah_and_Grenache-2\">Syrah and Grenache<\/span><\/h3>\n<p><strong>Tasting<\/strong><br \/>\nRound, well-balanced and silky. Currant aromas.<\/p>\n<p><strong>Planting<\/strong><br \/>\nSyrah and Grenache<\/p>\n<p><strong>Techniques<\/strong><br \/>\nLight maceration (pale colour), followed by bleeding (extraction of the juices) and low-temperature fermentation in stainless steel vats.<\/p>\n<p><a href=\"https:\/\/www.chateau-la-calisse.fr\/en\/buy-our-wines\/\" rel=\"noopener noreferrer\">Order<\/a><\/p>\n<\/div><\/div>                    \r\n                    \r\n                    \r\n                    <\/div> <!-- End .item -->\r\n                                        <div class=\"item item-833 mix skin even flat our-wines rouge-en  \">\r\n                    \r\n                    \t\t\r\n    <div class=\"layer-media\"><img alt=\"\" src=\"https:\/\/www.chateau-la-calisse.fr\/wp-content\/uploads\/2017\/09\/4saison.png\" \/><\/div><div class=\"layer-content\"><div class=\"element element_0 title\"  >Red four seasons<\/div><div class=\"element element_1505851490318 content\"  ><h3><span id=\"Syrah_and_Merlot\">Syrah and Merlot<\/span><\/h3>\n<p><strong>Tasting<\/strong><br \/>\nNose of thyme and hints of scrubland. Balanced, well structured wine with flattering roundness.<\/p>\n<p><strong>Planting<\/strong><br \/>\nSyrah and Merlot<\/p>\n<p><strong>Techniques<\/strong><br \/>\nTraditional fermentation in cement vats for 8 to 10 days with pumping over and aging in stainless steel vats.<\/p>\n<p><a href=\"https:\/\/www.chateau-la-calisse.fr\/en\/buy-our-wines\/\" rel=\"noopener noreferrer\">Order<\/a><\/p>\n<\/div><\/div>                    \r\n                    \r\n                    \r\n                    <\/div> <!-- End .item -->\r\n                                        <div class=\"item item-834 mix skin odd flat our-wines rouge-en  \">\r\n                    \r\n                    \t\t\r\n    <div class=\"layer-media\"><img alt=\"\" src=\"https:\/\/www.chateau-la-calisse.fr\/wp-content\/uploads\/2017\/09\/rouge.png\" \/><\/div><div class=\"layer-content\"><div class=\"element element_0 title\"  >Red<\/div><div class=\"element element_1505851490318 content\"  ><h3><span id=\"Syrah_and_Grenache-3\">Syrah and Grenache<\/span><\/h3>\n<p><strong>Tasting<\/strong><br \/>\nRedberries and cherries aromas. Supple and very fruity wine.<\/p>\n<p><strong>Planting<\/strong><br \/>\nSyrah and Grenache<\/p>\n<p><strong>Techniques<\/strong><br \/>\nTraditional fermentation in cement vats during 6-8 days with risings, followed by growing in a vat.<\/p>\n<p><a href=\"https:\/\/www.chateau-la-calisse.fr\/en\/buy-our-wines\/\" rel=\"noopener noreferrer\">Order<\/a><\/p>\n<\/div><\/div>                    \r\n                    \r\n                    \r\n                    <\/div> <!-- End .item -->\r\n                                        <div class=\"item item-835 mix skin even flat our-wines rouge-en  \">\r\n                    \r\n                    \t\t\r\n    <div class=\"layer-media\"><img alt=\"\" src=\"https:\/\/www.chateau-la-calisse.fr\/wp-content\/uploads\/2017\/09\/rougep-1.png\" \/><\/div><div class=\"layer-content\"><div class=\"element element_0 title\"  >Red Patricia Ortelli<\/div><div class=\"element element_1505851490318 content\"  ><h3><span id=\"Syrah_and_Cabernet_Sauvignon\">Syrah and Cabernet Sauvignon<\/span><\/h3>\n<p><strong>Tasting<\/strong><br \/>\nBeautiful dark robe. Cooked redberries aromas. Powerful wine, slightly tannic.<\/p>\n<p><strong>Planting<\/strong><br \/>\nSyrah and Cabernet Sauvignon<\/p>\n<p><strong>Techniques<\/strong><br \/>\nTraditional fermentation in cement vats during 8-10 days, with risings, followed by growing in a vat. Some of the growing is done in new oak barrels.<\/p>\n<p><a href=\"https:\/\/www.chateau-la-calisse.fr\/en\/buy-our-wines\/\" rel=\"noopener noreferrer\">Order<\/a><\/p>\n<\/div><\/div>                    \r\n                    \r\n                    \r\n                    <\/div> <!-- End .item -->\r\n                                        <div class=\"item item-836 mix skin odd flat our-wines rouge-en  \">\r\n                    \r\n                    \t\t\r\n    <div class=\"layer-media\"><img alt=\"\" src=\"https:\/\/www.chateau-la-calisse.fr\/wp-content\/uploads\/2017\/09\/rougee.png\" \/><\/div><div class=\"layer-content\"><div class=\"element element_0 title\"  >Red Cuv\u00e9e Etoiles<\/div><div class=\"element element_1505851490318 content\"  ><h3><span id=\"Syrah_Grenache_and_Cabernet_Sauvignon\">Syrah, Grenache and Cabernet Sauvignon<\/span><\/h3>\n<p><strong>Tasting<\/strong><br \/>\nRaspberry, blackberry and liquorice aromas. Soft and silky tannins with a very round and rich final note.<\/p>\n<p><strong>Planting<\/strong><br \/>\nSyrah, Grenache and Cabernet Sauvignon.<\/p>\n<p><strong>Techniques<\/strong><br \/>\nGrowing in new oak barrels.<\/p>\n<p><a href=\"https:\/\/www.chateau-la-calisse.fr\/en\/buy-our-wines\/\" rel=\"noopener noreferrer\">Order<\/a><\/p>\n<\/div><\/div>                    \r\n                    \r\n                    \r\n                    <\/div> <!-- End .item -->\r\n                    \t\t\t\t<\/div> <!-- .grid-items -->\r\n\t\t\t\t\r\n\t\t\t\t<div class=\"grid-nav-bottom\">\r\n\t\t\t\t\t<div class=\"pagination\"><\/div >\t\t\t\t<\/div> <!-- End .grid-nav-bottom -->\r\n\t\t\t\t\r\n\t<script>\r\n            jQuery(document).ready(function($)\r\n            {\r\n                $(\"#post-grid-429 .layer-media .gallery\").owlCarousel({\r\n                    \r\n                    items : 1,\r\n                    navText : [\"\",\"\"],\r\n                    autoplay: true,\r\n                    loop: true,\r\n                    autoHeight : true,\t\r\n                    nav : false,\t\r\n                    dots : false,\r\n                    })\r\n            });\r\n    \r\n    <\/script>\r\n\t<script>\r\n\t\t\/*Write your js code here*\/    \r\n    <\/script>        \r\n        \r\n\r\n        \r\n        \r\n    \r\n    \r\n    <\/div> <!-- End .post-grid --><\/p>\n<\/div><\/div><\/div><\/div><\/div>\n","protected":false},"excerpt":{"rendered":"","protected":false},"author":2,"featured_media":759,"parent":0,"menu_order":0,"comment_status":"closed","ping_status":"closed","template":"","meta":[],"yoast_head":"<!-- This site is optimized with the Yoast SEO plugin v15.4 - https:\/\/yoast.com\/wordpress\/plugins\/seo\/ -->\n<meta name=\"robots\" content=\"index, follow, max-snippet:-1, max-image-preview:large, max-video-preview:-1\" \/>\n<link rel=\"canonical\" href=\"https:\/\/www.chateau-la-calisse.fr\/nos-vins\/\" \/>\n<meta property=\"og:locale\" content=\"en_US\" \/>\n<meta property=\"og:type\" content=\"article\" \/>\n<meta property=\"og:title\" content=\"Our Wines - Ch\u00e2teau la Calisse\" \/>\n<meta property=\"og:url\" content=\"https:\/\/www.chateau-la-calisse.fr\/nos-vins\/\" \/>\n<meta property=\"og:site_name\" content=\"Ch\u00e2teau la Calisse\" \/>\n<meta property=\"article:modified_time\" content=\"2022-11-30T09:37:06+00:00\" \/>\n<meta property=\"og:image\" content=\"https:\/\/www.chateau-la-calisse.fr\/wp-content\/uploads\/2017\/03\/nosvins-1.jpg\" \/>\n\t<meta property=\"og:image:width\" content=\"1150\" \/>\n\t<meta property=\"og:image:height\" content=\"340\" \/>\n<meta name=\"twitter:card\" content=\"summary_large_image\" \/>\n<meta name=\"twitter:label1\" content=\"Written by\">\n\t<meta name=\"twitter:data1\" content=\"francois P\u00e9rier\">\n\t<meta name=\"twitter:label2\" content=\"Est. reading time\">\n\t<meta name=\"twitter:data2\" content=\"10 minutes\">\n<script type=\"application\/ld+json\" class=\"yoast-schema-graph\">{\"@context\":\"https:\/\/schema.org\",\"@graph\":[{\"@type\":\"WebSite\",\"@id\":\"https:\/\/www.chateau-la-calisse.fr\/#website\",\"url\":\"https:\/\/www.chateau-la-calisse.fr\/\",\"name\":\"Ch\\u00e2teau la Calisse\",\"description\":\"Du d\\u00e9licat vin blanc en passant par un ros\\u00e9 tr\\u00e8s p\\u00e2le et un rouge raffin\\u00e9 : \\u00e0 la calisse, on cherche le fruit. Si les blancs blancs sont les pr\\u00e9f\\u00e9r\\u00e9s de Patricia, ses vins font l\\u2019unanimit\\u00e9 dans les trois couleurs\",\"potentialAction\":[{\"@type\":\"SearchAction\",\"target\":\"https:\/\/www.chateau-la-calisse.fr\/?s={search_term_string}\",\"query-input\":\"required name=search_term_string\"}],\"inLanguage\":\"en-US\"},{\"@type\":\"ImageObject\",\"@id\":\"https:\/\/www.chateau-la-calisse.fr\/nos-vins\/#primaryimage\",\"inLanguage\":\"en-US\",\"url\":\"https:\/\/www.chateau-la-calisse.fr\/wp-content\/uploads\/2017\/03\/nosvins-1.jpg\",\"width\":1150,\"height\":340},{\"@type\":\"WebPage\",\"@id\":\"https:\/\/www.chateau-la-calisse.fr\/nos-vins\/#webpage\",\"url\":\"https:\/\/www.chateau-la-calisse.fr\/nos-vins\/\",\"name\":\"Our Wines - Ch\\u00e2teau la Calisse\",\"isPartOf\":{\"@id\":\"https:\/\/www.chateau-la-calisse.fr\/#website\"},\"primaryImageOfPage\":{\"@id\":\"https:\/\/www.chateau-la-calisse.fr\/nos-vins\/#primaryimage\"},\"datePublished\":\"2017-03-01T15:16:45+00:00\",\"dateModified\":\"2022-11-30T09:37:06+00:00\",\"inLanguage\":\"en-US\",\"potentialAction\":[{\"@type\":\"ReadAction\",\"target\":[\"https:\/\/www.chateau-la-calisse.fr\/nos-vins\/\"]}]}]}<\/script>\n<!-- \/ Yoast SEO plugin. -->","_links":{"self":[{"href":"https:\/\/www.chateau-la-calisse.fr\/en\/wp-json\/wp\/v2\/pages\/720"}],"collection":[{"href":"https:\/\/www.chateau-la-calisse.fr\/en\/wp-json\/wp\/v2\/pages"}],"about":[{"href":"https:\/\/www.chateau-la-calisse.fr\/en\/wp-json\/wp\/v2\/types\/page"}],"author":[{"embeddable":true,"href":"https:\/\/www.chateau-la-calisse.fr\/en\/wp-json\/wp\/v2\/users\/2"}],"replies":[{"embeddable":true,"href":"https:\/\/www.chateau-la-calisse.fr\/en\/wp-json\/wp\/v2\/comments?post=720"}],"version-history":[{"count":10,"href":"https:\/\/www.chateau-la-calisse.fr\/en\/wp-json\/wp\/v2\/pages\/720\/revisions"}],"predecessor-version":[{"id":3992,"href":"https:\/\/www.chateau-la-calisse.fr\/en\/wp-json\/wp\/v2\/pages\/720\/revisions\/3992"}],"wp:featuredmedia":[{"embeddable":true,"href":"https:\/\/www.chateau-la-calisse.fr\/en\/wp-json\/wp\/v2\/media\/759"}],"wp:attachment":[{"href":"https:\/\/www.chateau-la-calisse.fr\/en\/wp-json\/wp\/v2\/media?parent=720"}],"curies":[{"name":"wp","href":"https:\/\/api.w.org\/{rel}","templated":true}]}}